{"id":202,"date":"2024-11-11T21:13:11","date_gmt":"2024-11-11T20:13:11","guid":{"rendered":"http:\/\/angolulhenivel.hu\/?page_id=202"},"modified":"2024-11-12T09:05:13","modified_gmt":"2024-11-12T08:05:13","slug":"adatkezelesi-tajekoztato","status":"publish","type":"page","link":"https:\/\/angolulhenivel.hu\/?page_id=202","title":{"rendered":"Adatkezel\u00e9si t\u00e1j\u00e9koztat\u00f3"},"content":{"rendered":"\n<div class=\"wp-block-group alignwide has-global-padding is-layout-constrained wp-container-core-group-is-layout-828a6807 wp-block-group-is-layout-constrained\">\n<h2 class=\"wp-block-heading\">Adatkezel\u00e9si t\u00e1j\u00e9koztat\u00f3<\/h2>\n\n\n\n<h2 class=\"wp-block-heading has-medium-font-size\"><strong>Strausz Henrietta D\u00f3ra egy\u00e9ni v\u00e1llalkoz\u00f3<\/strong> (a tov\u00e1bbiakban: <strong>Adatkezel\u0151<\/strong>) kiemelten fontosnak tartja partnerei, \u00fcgyfelei inform\u00e1ci\u00f3s \u00f6nrendelkez\u00e9si jog\u00e1nak tiszteletben tart\u00e1s\u00e1t. Az Adatkezel\u0151 a szem\u00e9lyes adatokat bizalmasan, a hat\u00e1lyos Eur\u00f3pai Uni\u00f3s, \u00e9s hazai jogszab\u00e1lyoknak, valamint a relev\u00e1ns adatv\u00e9delmi (hat\u00f3s\u00e1gi) gyakorlatnak megfelel\u0151en kezeli, \u00e9s megtesz minden olyan biztons\u00e1gi \u00e9s szervez\u00e9si int\u00e9zked\u00e9st, amely az adatok biztons\u00e1g\u00e1t, bizalmass\u00e1g\u00e1t, s\u00e9rtetlens\u00e9g\u00e9t \u00e9s rendelkez\u00e9sre \u00e1ll\u00e1s\u00e1t garant\u00e1lja.<\/h2>\n\n\n\n<h2 class=\"wp-block-heading has-medium-font-size\">Az Eur\u00f3pai Parlament \u00e9s a Tan\u00e1cs (EU) 2016\/679 Rendelete (2016. \u00e1prilis 27.) a term\u00e9szetes szem\u00e9lyeknek a szem\u00e9lyes adatok kezel\u00e9se tekintet\u00e9ben t\u00f6rt\u00e9n\u0151 v\u00e9delm\u00e9r\u0151l \u00e9s az ilyen adatok szabad \u00e1raml\u00e1s\u00e1r\u00f3l, valamint a 95\/46\/EK ir\u00e1nyelv hat\u00e1lyon k\u00edv\u00fcl helyez\u00e9s\u00e9r\u0151l (a tov\u00e1bbiakban: <strong>GDPR<\/strong>), valamint az inform\u00e1ci\u00f3s \u00f6nrendelkez\u00e9si jogr\u00f3l \u00e9s az inform\u00e1ci\u00f3szabads\u00e1gr\u00f3l sz\u00f3l\u00f3 2011. \u00e9vi CXII. t\u00f6rv\u00e9ny (a tov\u00e1bbiakban: <strong>Infotv.<\/strong>) rendelkez\u00e9seinek figyelembev\u00e9tel\u00e9vel a kezelt szem\u00e9lyes adatok v\u00e9delme \u00e9rdek\u00e9ben az al\u00e1bbi t\u00e1j\u00e9koztat\u00f3t (a tov\u00e1bbiakban: <strong>T\u00e1j\u00e9koztat\u00f3<\/strong>) teszi k\u00f6zz\u00e9.<\/h2>\n\n\n\n<h2 class=\"wp-block-heading has-medium-font-size\">A T\u00e1j\u00e9koztat\u00f3 2024. november 1. napj\u00e1t\u00f3l kezdve visszavon\u00e1sig hat\u00e1lyos az Adatkezel\u0151 \u00e1ltal weboldal\u00e1n v\u00e9gzett tev\u00e9kenys\u00e9geiben \u00e9rintettek szem\u00e9lyes adatai kezel\u00e9s\u00e9nek vonatkoz\u00e1s\u00e1ban.<\/h2>\n\n\n\n<h2 class=\"wp-block-heading has-medium-font-size\">Az Adatkezel\u0151 fenntartja mag\u00e1nak a jogot, hogy a jelen T\u00e1j\u00e9koztat\u00f3t b\u00e1rmikor, egyoldal\u00faan megv\u00e1ltoztassa. Amennyiben a T\u00e1j\u00e9koztat\u00f3 m\u00f3dosulna, akkor err\u0151l az Adatkezel\u0151 t\u00e1j\u00e9koztatja az \u00e9rintetteket.<\/h2>\n\n\n\n<h2 class=\"wp-block-heading has-medium-font-size\"><strong>1. AZ ADATKEZEL\u0150<\/strong><\/h2>\n\n\n\n<h2 class=\"wp-block-heading has-medium-font-size\"><strong>Adatkezel\u0151 megnevez\u00e9se: <\/strong>Strausz Henrietta D\u00f3ra egy\u00e9ni v\u00e1llalkoz\u00f3<br><strong>sz\u00e9khelye:<\/strong> 7682 B\u00fckk\u00f6sd, Pet\u0151fi S\u00e1ndor utca 41.<br><strong>ad\u00f3sz\u00e1ma: <\/strong>49356742-1-22<br><strong>e-mail c\u00edme: <\/strong>angolulhenivel@gmail.com<\/h2>\n\n\n\n<h2 class=\"wp-block-heading has-medium-font-size\"><strong>2. AJ\u00c1NLATK\u00c9R\u00c9SSEL \u00d6SSZEF\u00dcGG\u00c9SBEN MEGVAL\u00d3SUL\u00d3 ADATKEZEL\u00c9S<\/strong><\/h2>\n\n\n\n<h2 class=\"wp-block-heading has-medium-font-size\">Az Adatkezel\u0151 f\u0151tev\u00e9kenys\u00e9g\u00e9b\u0151l ad\u00f3d\u00f3an hozz\u00e1 be\u00e9rkez\u0151 aj\u00e1nlatk\u00e9r\u00e9sek (els\u0151 kapcsolatfelv\u00e9tel) kapcs\u00e1n szem\u00e9lyes adatot kezel. Aj\u00e1nlatk\u00e9r\u00e9s az Adatkezel\u0151 sz\u00e9khely\u00e9n, a angolulhenivel.hu weboldal\u00e1n, vagy telefon-, e-mail el\u00e9rhet\u0151s\u00e9gein kereszt\u00fcl lehets\u00e9ges. Az Adatkezel\u0151 t\u00f6rekszik arra, hogy kiz\u00e1r\u00f3lag az aj\u00e1nlat eredm\u00e9nyes elk\u00e9sz\u00edt\u00e9s\u00e9hez sz\u00fcks\u00e9ges szem\u00e9lyes adatokat kezelje.<\/h2>\n\n\n\n<h2 class=\"wp-block-heading has-medium-font-size\">Az Adatkezel\u0151 a hozz\u00e1 be\u00e9rkez\u0151 aj\u00e1nlatk\u00e9r\u00e9sek kapcs\u00e1n \u2013 a tudom\u00e1sra jut\u00e1s csatorn\u00e1j\u00e1t\u00f3l f\u00fcggetlen\u00fcl \u2013 tudom\u00e1s\u00e1ra jutott szem\u00e9lyes adatokat az al\u00e1bbiak szerint kezeli:<\/h2>\n\n\n\n<ul class=\"wp-block-list\">\n<li>Kezelt szem\u00e9lyes adatok k\u00f6re: vezet\u00e9k- \u00e9s keresztn\u00e9v, titulus, e-mail c\u00edm, telefonsz\u00e1m. Valamint egy\u00e9b, az aj\u00e1nlatk\u00e9r\u0151 \u00e1ltal rendelkez\u00e9sre bocs\u00e1tott szem\u00e9lyes adat.<\/li>\n\n\n\n<li>A kezelt szem\u00e9lyes adatok forr\u00e1sa az \u00e9rintett.<\/li>\n\n\n\n<li>Adatkezel\u00e9s c\u00e9lja: el\u0151zetes egyeztet\u00e9s, aj\u00e1nlatk\u00e9r\u00e9s.<\/li>\n\n\n\n<li>Adatkezel\u00e9s jogalapja: el\u0151zetes egyeztet\u00e9s, aj\u00e1nlatk\u00e9r\u00e9s eset\u00e9n a GDPR 6. cikk (1) bekezd\u00e9s b) pontja alapj\u00e1n az Adatkezel\u0151 \u00e9s az \u00e9rintett k\u00f6z\u00f6tt a szerz\u0151d\u00e9s megk\u00f6t\u00e9s\u00e9t megel\u0151z\u0151en az \u00e9rintett k\u00e9r\u00e9s\u00e9re t\u00f6rt\u00e9n\u0151 l\u00e9p\u00e9sek megt\u00e9tele. Jog-, vagy ig\u00e9ny\u00e9rv\u00e9nyes\u00edt\u00e9s sor\u00e1n, valamint jogi szem\u00e9lyek kapcsolattart\u00f3i adatainak kezel\u00e9se sor\u00e1n a GDPR 6. cikk (1) bekezd\u00e9s f) pontja alapj\u00e1n az Adatkezel\u0151 jogos \u00e9rdeke.<\/li>\n\n\n\n<li>Adatkezel\u00e9s id\u0151tartama: A szerz\u0151d\u00e9ses, illetve \u00fczleti kapcsolat, vagy az \u00e9rintett k\u00e9pvisel\u0151i min\u0151s\u00e9g\u00e9nek fenn\u00e1ll\u00e1s\u00e1t k\u00f6vet\u0151 5 \u00e9v (\u00e1ltal\u00e1nos jog\u00e9rv\u00e9nyes\u00edt\u00e9si el\u00e9v\u00fcl\u00e9si hat\u00e1rid\u0151). A jog\u00e9rv\u00e9nyes\u00edt\u00e9sre rendelkez\u00e9sre \u00e1ll\u00f3 \u00e1ltal\u00e1nos el\u00e9v\u00fcl\u00e9si hat\u00e1rid\u0151 vagy a jogszab\u00e1ly \u00e1ltal meghat\u00e1rozott hosszabb meg\u0151rz\u00e9si id\u0151 lej\u00e1rt\u00e1val a szem\u00e9lyes adatok \u2013 bele\u00e9rtve a kapcsolattart\u00e1si adatokat is \u2013 halad\u00e9ktalanul \u00e9s helyre\u00e1ll\u00edthatatlanul t\u00f6rl\u00e9sre ker\u00fclnek. Kiv\u00e9telt k\u00e9pez ez al\u00f3l az esetleges jog-, vagy ig\u00e9ny\u00e9rv\u00e9nyes\u00edt\u00e9s, b\u00edr\u00f3s\u00e1g, \u00fcgy\u00e9szs\u00e9g, nyomoz\u00f3 hat\u00f3s\u00e1g, szab\u00e1lys\u00e9rt\u00e9si hat\u00f3s\u00e1g, k\u00f6zigazgat\u00e1si hat\u00f3s\u00e1g, a Nemzeti Adatv\u00e9delmi \u00e9s Inform\u00e1ci\u00f3szabads\u00e1g Hat\u00f3s\u00e1g, illetve jogszab\u00e1ly felhatalmaz\u00e1sa alapj\u00e1n m\u00e1s szervek elj\u00e1r\u00e1sa.<\/li>\n\n\n\n<li>Az Adatkezel\u0151h\u00f6z \u00e9rkezett aj\u00e1nlatok kapcs\u00e1n kezelt szem\u00e9lyes adatokhoz els\u0151dlegesen az Adatkezel\u0151 f\u00e9r hozz\u00e1.<\/li>\n\n\n\n<li>A szem\u00e9lyes adatok harmadik f\u00e9lnek tov\u00e1bb\u00edt\u00e1sra nem ker\u00fclnek, kiv\u00e9ve, ha az \u00e9rintett \u00e9s az Adatkezel\u0151 k\u00f6z\u00f6tti szerz\u0151d\u00e9s m\u00e1sk\u00e9nt rendelkezik, vagy az esetleges jog-, vagy ig\u00e9ny\u00e9rv\u00e9nyes\u00edt\u00e9s, b\u00edr\u00f3s\u00e1g, \u00fcgy\u00e9szs\u00e9g, nyomoz\u00f3 hat\u00f3s\u00e1g, szab\u00e1lys\u00e9rt\u00e9si hat\u00f3s\u00e1g, k\u00f6zigazgat\u00e1si hat\u00f3s\u00e1g, a Nemzeti Adatv\u00e9delmi \u00e9s Inform\u00e1ci\u00f3szabads\u00e1g Hat\u00f3s\u00e1g, illetve jogszab\u00e1ly felhatalmaz\u00e1sa alapj\u00e1n m\u00e1s szervek elj\u00e1r\u00e1sa eset\u00e9n.<\/li>\n\n\n\n<li>Az Adatkezel\u0151 az \u00e9rintett szem\u00e9lyes adatait manu\u00e1lisan (pap\u00edr alapon) \u00e9s elektronikusan kezeli.<\/li>\n\n\n\n<li>Az Adatkezel\u0151 nem hoz kiz\u00e1r\u00f3lag automatiz\u00e1lt adatkezel\u00e9sen alapul\u00f3 d\u00f6nt\u00e9st az \u00e9rintettel \u00f6sszef\u00fcgg\u00e9sben. Valamint a rendelkez\u00e9sre \u00e1ll\u00f3 szem\u00e9lyes adatok alapj\u00e1n nem alkot profilt az \u00e9rintettr\u0151l.<\/li>\n<\/ul>\n\n\n\n<h2 class=\"wp-block-heading has-medium-font-size\"><strong>3. PANASZKEZEL\u00c9SSEL \u00d6SSZEF\u00dcGG\u00c9SBEN MEGVAL\u00d3SUL\u00d3 ADATKEZEL\u00c9S<\/strong><\/h2>\n\n\n\n<h2 class=\"wp-block-heading has-medium-font-size\">Az Adatkezel\u0151 fogadja az \u00edr\u00e1sban (weboldal\u00e1n, postai lev\u00e9lben, vagy email-ben) be\u00e9rkez\u0151 panaszokat f\u0151tev\u00e9kenys\u00e9g\u00e9nek ell\u00e1t\u00e1s\u00e1val, szolg\u00e1ltat\u00e1s ny\u00fajt\u00e1s\u00e1val \u00f6sszef\u00fcgg\u00e9sben. Ennek keret\u00e9ben az Adatkezel\u0151 az \u00e9rintett szem\u00e9lyes adatait az al\u00e1bbiak szerint kezeli:<\/h2>\n\n\n\n<ul class=\"wp-block-list\">\n<li>Kezelt szem\u00e9lyes adatok k\u00f6re: panaszos vezet\u00e9k- \u00e9s keresztneve, titulusa, kapcsolattart\u00e1si adatai (e-mail c\u00edm, telefonsz\u00e1m), lakc\u00edme, \u00e1ltala a panasszal kapcsolatban k\u00f6z\u00f6lt egy\u00e9b szem\u00e9lyes adat, \u00fcgysz\u00e1m, al\u00e1\u00edr\u00e1s, meghatalmazott k\u00f6zrem\u0171k\u00f6d\u00e9se eset\u00e9n a meghatalmazott szem\u00e9ly vezet\u00e9k- \u00e9s keresztneve, titulusa, valamint sz\u00fclet\u00e9si helye \u00e9s ideje, anyja neve.<\/li>\n\n\n\n<li>A kezelt szem\u00e9lyes adatok forr\u00e1sa az \u00e9rintett.<\/li>\n\n\n\n<li>Adatkezel\u00e9s c\u00e9lja: panasz kivizsg\u00e1l\u00e1sa, orvosl\u00e1sa.<\/li>\n\n\n\n<li>Adatkezel\u00e9s jogalapja: a GDPR 6. cikk (1) bekezd\u00e9s f) pontja alapj\u00e1n az Adatkezel\u0151 jogos \u00e9rdeke.<\/li>\n\n\n\n<li>Adatkezel\u00e9s id\u0151tartama: panasz orvosl\u00e1sa, legfeljebb az ig\u00e9ny\u00e9rv\u00e9nyes\u00edt\u00e9s ideje (5 \u00e9v \u00e1ltal\u00e1nos el\u00e9v\u00fcl\u00e9si id\u0151). Kiv\u00e9telt k\u00e9pez ez al\u00f3l az esetleges jog-, vagy ig\u00e9ny\u00e9rv\u00e9nyes\u00edt\u00e9s, b\u00edr\u00f3s\u00e1g, \u00fcgy\u00e9szs\u00e9g, nyomoz\u00f3 hat\u00f3s\u00e1g, szab\u00e1lys\u00e9rt\u00e9si hat\u00f3s\u00e1g, k\u00f6zigazgat\u00e1si hat\u00f3s\u00e1g, a Nemzeti Adatv\u00e9delmi \u00e9s Inform\u00e1ci\u00f3szabads\u00e1g Hat\u00f3s\u00e1g, illetve jogszab\u00e1ly felhatalmaz\u00e1sa alapj\u00e1n m\u00e1s szervek elj\u00e1r\u00e1sa.<\/li>\n\n\n\n<li>A panaszkezel\u00e9s c\u00e9lj\u00e1b\u00f3l kezelt szem\u00e9lyes adatokhoz els\u0151dlegesen az Adatkezel\u0151 f\u00e9rhet hozz\u00e1.<\/li>\n\n\n\n<li>A szem\u00e9lyes adatok harmadik f\u00e9lnek tov\u00e1bb\u00edt\u00e1sra nem ker\u00fclnek, kiv\u00e9ve, ha az \u00e9rintett \u00e9s az Adatkezel\u0151 k\u00f6z\u00f6tti szerz\u0151d\u00e9s m\u00e1sk\u00e9nt rendelkezik, vagy az esetleges jog-, vagy ig\u00e9ny\u00e9rv\u00e9nyes\u00edt\u00e9s, b\u00edr\u00f3s\u00e1g, \u00fcgy\u00e9szs\u00e9g, nyomoz\u00f3 hat\u00f3s\u00e1g, szab\u00e1lys\u00e9rt\u00e9si hat\u00f3s\u00e1g, k\u00f6zigazgat\u00e1si hat\u00f3s\u00e1g, a Nemzeti Adatv\u00e9delmi \u00e9s Inform\u00e1ci\u00f3szabads\u00e1g Hat\u00f3s\u00e1g, illetve jogszab\u00e1ly felhatalmaz\u00e1sa alapj\u00e1n m\u00e1s szervek elj\u00e1r\u00e1sa eset\u00e9n.<\/li>\n\n\n\n<li>Az Adatkezel\u0151 az \u00e9rintett szem\u00e9lyes adatait elektronikusan, \u00e9s manu\u00e1lisan (pap\u00edr alapon) kezeli.<\/li>\n\n\n\n<li>Az Adatkezel\u0151 nem hoz kiz\u00e1r\u00f3lag automatiz\u00e1lt adatkezel\u00e9sen alapul\u00f3 d\u00f6nt\u00e9st az \u00e9rintettel \u00f6sszef\u00fcgg\u00e9sben. Valamint a rendelkez\u00e9sre \u00e1ll\u00f3 szem\u00e9lyes adatok alapj\u00e1n nem alkot profilt az \u00e9rintettr\u0151l.<\/li>\n<\/ul>\n\n\n\n<h2 class=\"wp-block-heading has-medium-font-size\"><strong>4. MEGKERES\u00c9SEKKEL, \u00c9SZREV\u00c9TELEKKEL \u00d6SSZEF\u00dcGG\u00c9SBEN MEGVAL\u00d3SUL\u00d3 ADATKEZEL\u00c9S<\/strong><\/h2>\n\n\n\n<h2 class=\"wp-block-heading has-medium-font-size\">Az Adatkezel\u0151 fogadja az \u00edr\u00e1sban (weboldal\u00e1n, postai lev\u00e9lben, vagy email-ben) be\u00e9rkez\u0151 megkeres\u00e9seket, javaslatokat f\u0151tev\u00e9kenys\u00e9g\u00e9nek ell\u00e1t\u00e1s\u00e1val, valamint szolg\u00e1ltat\u00e1s\u00e1nak folyamatos fejleszt\u00e9s\u00e9vel \u00f6sszef\u00fcgg\u00e9sben. Ennek keret\u00e9ben az Adatkezel\u0151 az \u00e9rintett szem\u00e9lyes adatait az al\u00e1bbiak szerint kezeli:<\/h2>\n\n\n\n<ul class=\"wp-block-list\">\n<li>Kezelt szem\u00e9lyes adatok k\u00f6re: az \u00e9rintett vezet\u00e9k- \u00e9s keresztneve, titulusa, kapcsolattart\u00e1si adatai (e-mail c\u00edm, telefonsz\u00e1m), lakc\u00edme, \u00e1ltala k\u00f6z\u00f6lt egy\u00e9b szem\u00e9lyes adat, al\u00e1\u00edr\u00e1s.<\/li>\n\n\n\n<li>A kezelt szem\u00e9lyes adatok forr\u00e1sa az \u00e9rintett.<\/li>\n\n\n\n<li>Adatkezel\u00e9s c\u00e9lja: szolg\u00e1ltat\u00e1s fejleszt\u00e9s, kapcsolattart\u00e1s.<\/li>\n\n\n\n<li>Adatkezel\u00e9s jogalapja: a GDPR 6. cikk (1) bekezd\u00e9s f) pontja alapj\u00e1n az Adatkezel\u0151 jogos \u00e9rdeke.<\/li>\n\n\n\n<li>Adatkezel\u00e9s id\u0151tartama: 5 \u00e9v \u00e1ltal\u00e1nos el\u00e9v\u00fcl\u00e9si id\u0151. Kiv\u00e9telt k\u00e9pez ez al\u00f3l az esetleges jog-, vagy ig\u00e9ny\u00e9rv\u00e9nyes\u00edt\u00e9s, b\u00edr\u00f3s\u00e1g, \u00fcgy\u00e9szs\u00e9g, nyomoz\u00f3 hat\u00f3s\u00e1g, szab\u00e1lys\u00e9rt\u00e9si hat\u00f3s\u00e1g, k\u00f6zigazgat\u00e1si hat\u00f3s\u00e1g, a Nemzeti Adatv\u00e9delmi \u00e9s Inform\u00e1ci\u00f3szabads\u00e1g Hat\u00f3s\u00e1g, illetve jogszab\u00e1ly felhatalmaz\u00e1sa alapj\u00e1n m\u00e1s szervek elj\u00e1r\u00e1sa.<\/li>\n\n\n\n<li>A kezelt szem\u00e9lyes adatokhoz els\u0151dlegesen az Adatkezel\u0151 f\u00e9rhet hozz\u00e1.<\/li>\n\n\n\n<li>A szem\u00e9lyes adatok harmadik f\u00e9lnek tov\u00e1bb\u00edt\u00e1sra nem ker\u00fclnek, kiv\u00e9ve, ha az \u00e9rintett \u00e9s az Adatkezel\u0151 k\u00f6z\u00f6tti szerz\u0151d\u00e9s m\u00e1sk\u00e9nt rendelkezik, vagy az esetleges jog-, vagy ig\u00e9ny\u00e9rv\u00e9nyes\u00edt\u00e9s, b\u00edr\u00f3s\u00e1g, \u00fcgy\u00e9szs\u00e9g, nyomoz\u00f3 hat\u00f3s\u00e1g, szab\u00e1lys\u00e9rt\u00e9si hat\u00f3s\u00e1g, k\u00f6zigazgat\u00e1si hat\u00f3s\u00e1g, a Nemzeti Adatv\u00e9delmi \u00e9s Inform\u00e1ci\u00f3szabads\u00e1g Hat\u00f3s\u00e1g, illetve jogszab\u00e1ly felhatalmaz\u00e1sa alapj\u00e1n m\u00e1s szervek elj\u00e1r\u00e1sa eset\u00e9n.<\/li>\n\n\n\n<li>Az Adatkezel\u0151 az \u00e9rintett szem\u00e9lyes adatait elektronikusan, \u00e9s manu\u00e1lisan (pap\u00edr alapon) kezeli.<\/li>\n\n\n\n<li>Az Adatkezel\u0151 nem hoz kiz\u00e1r\u00f3lag automatiz\u00e1lt adatkezel\u00e9sen alapul\u00f3 d\u00f6nt\u00e9st az \u00e9rintettel \u00f6sszef\u00fcgg\u00e9sben. Valamint a rendelkez\u00e9sre \u00e1ll\u00f3 szem\u00e9lyes adatok alapj\u00e1n nem alkot profilt az \u00e9rintettr\u0151l.<\/li>\n<\/ul>\n\n\n\n<h2 class=\"wp-block-heading has-medium-font-size\"><strong>5. WEBOLDALON V\u00c9GZETT ADATKEZEL\u00c9S<\/strong><\/h2>\n\n\n\n<h2 class=\"wp-block-heading has-medium-font-size\">Az Adatkezel\u0151 t\u00e1j\u00e9koztatja az \u00e9rintetteket, hogy az \u00e1ltala m\u0171k\u00f6dtetett skypeonnemetul.hu domain n\u00e9v alatt el\u00e9rhet\u0151 szolg\u00e1ltat\u00e1sok \u00f6sszess\u00e9ge \u00e9s aloldalai l\u00e1togatotts\u00e1g\u00e1nak m\u00e9r\u00e9s\u00e9hez \u00e9s l\u00e1togat\u00f3inak viselked\u00e9s\u00e9nek figyel\u00e9s\u00e9hez, statisztik\u00e1k k\u00e9sz\u00edt\u00e9s\u00e9hez \u00e9s hirdet\u00e9sei eredm\u00e9nyess\u00e9g\u00e9hez Google Analytics programokat haszn\u00e1lja, melyek megfelel\u0151 k\u00f3djait a saj\u00e1t oldal\u00e1ba \u00e9p\u00edtette.<\/h2>\n\n\n\n<h2 class=\"wp-block-heading has-medium-font-size\">A hivatkozott programok a felhaszn\u00e1l\u00f3 sz\u00e1m\u00edt\u00f3g\u00e9p\u00e9n \u00fan. cookie-kat helyeznek el, melyek felhaszn\u00e1l\u00f3i adatokat gy\u0171jtenek. A weboldalra l\u00e1togat\u00f3k (Felhaszn\u00e1l\u00f3k) enged\u00e9lyezik az Adatkezel\u0151 r\u00e9sz\u00e9re a Google Analytics programok haszn\u00e1lat\u00e1t.<\/h2>\n\n\n\n<h2 class=\"wp-block-heading has-medium-font-size\">Egyben hozz\u00e1j\u00e1rulnak felhaszn\u00e1l\u00f3 viselked\u00e9s\u00fck figyel\u00e9s\u00e9hez, k\u00f6vet\u00e9s\u00e9hez \u00e9s a programok \u00e1ltal ny\u00fajtott minden szolg\u00e1ltat\u00e1sok ig\u00e9nybev\u00e9tel\u00e9hez az Adatkezel\u0151 r\u00e9sz\u00e9re.<\/h2>\n\n\n\n<h2 class=\"wp-block-heading has-medium-font-size\">Mindezek mellett a felhaszn\u00e1l\u00f3nak lehet\u0151s\u00e9ge van b\u00e1rmikor a cookie-k adatr\u00f6gz\u00edt\u00e9s\u00e9t \u00e9s adatt\u00e1rol\u00e1st a j\u00f6v\u0151re vonatkoz\u00f3an letiltani.<\/h2>\n\n\n\n<h2 class=\"wp-block-heading has-medium-font-size\">Az \u00e9rintettek a Google Analytics programok be\u00e1ll\u00edt\u00e1sai \u00e9s haszn\u00e1lat\u00e1ra vonatkoz\u00f3 adatv\u00e9delmi t\u00e1j\u00e9koztat\u00f3kat a Google weboldal\u00e1n megtal\u00e1lj\u00e1k.<\/h2>\n\n\n\n<h2 class=\"wp-block-heading has-medium-font-size\">A Google t\u00e1j\u00e9koztat\u00e1sa szerint a Google Analytics f\u0151leg els\u0151 f\u00e9lt\u0151l sz\u00e1rmaz\u00f3 cookie-k seg\u00edts\u00e9g\u00e9vel jelenti a webhely\u00e9n l\u00e9trej\u00f6tt l\u00e1togat\u00f3i interakci\u00f3kat. Ezek a cookie-k csak szem\u00e9lyazonos\u00edt\u00e1sra alkalmatlan inform\u00e1ci\u00f3kat r\u00f6gz\u00edtenek.<\/h2>\n\n\n\n<h2 class=\"wp-block-heading has-medium-font-size\"><strong>Google Analytics:<\/strong><br>Az Adatkezel\u0151 a Google Analytics programot els\u0151sorban statisztik\u00e1i el\u0151\u00e1ll\u00edt\u00e1s\u00e1hoz haszn\u00e1lja. T\u00f6bbek k\u00f6z\u00f6tt m\u00e9ri vele a weboldal\u00e1nak kamp\u00e1nyai eredm\u00e9nyess\u00e9g\u00e9t. A program haszn\u00e1lat\u00e1val az Adatkezel\u0151 f\u0151k\u00e9nt arr\u00f3l szerez inform\u00e1ci\u00f3t, hogy h\u00e1ny l\u00e1togat\u00f3 kereste fel Weboldal\u00e1t, \u00e9s a l\u00e1togat\u00f3k mennyi id\u0151t t\u00f6lt\u00f6ttek a Weboldalon.<\/h2>\n\n\n\n<h2 class=\"wp-block-heading has-medium-font-size\">A program felismeri a l\u00e1togat\u00f3 IP c\u00edm\u00e9t, ez\u00e9rt tudja k\u00f6vetni, hogy a l\u00e1togat\u00f3 visszat\u00e9r\u0151 vagy \u00faj l\u00e1togat\u00f3-e. Tov\u00e1bb\u00e1 k\u00f6vethet\u0151, hogy a l\u00e1togat\u00f3 milyen utat tett meg a Weboldalon \u00e9s hova l\u00e9pett be.<\/h2>\n\n\n\n<ul class=\"wp-block-list has-medium-font-size\">\n<li>Kezelt szem\u00e9lyes adatok k\u00f6re: IP c\u00edm, kattint\u00e1sok.<\/li>\n\n\n\n<li>A kezelt szem\u00e9lyes adatok forr\u00e1sa az \u00e9rintett.<\/li>\n\n\n\n<li>Adatkezel\u00e9s c\u00e9lja: az Adatkezel\u0151 weboldal\u00e1nak \u00e9s szolg\u00e1ltat\u00e1sainak n\u00e9pszer\u0171s\u00edt\u00e9se, a l\u00e1togatotts\u00e1gok m\u00e9r\u00e9se.<\/li>\n\n\n\n<li>Adatkezel\u00e9s jogalapja: az \u00e9rintett hozz\u00e1j\u00e1rul\u00e1sa. GDPR 6. cikk (1) bekezd\u00e9s a) pont.<\/li>\n\n\n\n<li>Adatkezel\u00e9s id\u0151tartama: 30 nap. Kiv\u00e9telt k\u00e9pez ez al\u00f3l az esetleges jog-, vagy ig\u00e9ny\u00e9rv\u00e9nyes\u00edt\u00e9s, b\u00edr\u00f3s\u00e1g, \u00fcgy\u00e9szs\u00e9g, nyomoz\u00f3 hat\u00f3s\u00e1g, szab\u00e1lys\u00e9rt\u00e9si hat\u00f3s\u00e1g, k\u00f6zigazgat\u00e1si hat\u00f3s\u00e1g, a Nemzeti Adatv\u00e9delmi \u00e9s Inform\u00e1ci\u00f3szabads\u00e1g Hat\u00f3s\u00e1g, illetve jogszab\u00e1ly felhatalmaz\u00e1sa alapj\u00e1n m\u00e1s szervek elj\u00e1r\u00e1sa.<\/li>\n\n\n\n<li>A kezelt szem\u00e9lyes adatokhoz a Google f\u00e9rhet hozz\u00e1.<\/li>\n\n\n\n<li>Az Adatkezel\u0151 a kezelt szem\u00e9lyes adatokat \u2013 magyarorsz\u00e1gi, eur\u00f3pai vagy harmadik orsz\u00e1gokban sz\u00e9khellyel rendelkez\u0151 \u2013 szem\u00e9lyek r\u00e9sz\u00e9re nem tov\u00e1bb\u00edtja. Amennyiben b\u00edr\u00f3s\u00e1g vagy m\u00e1s hat\u00f3s\u00e1g el\u0151tt elj\u00e1r\u00e1s indul, amelynek keret\u00e9ben sz\u00fcks\u00e9gess\u00e9 v\u00e1lik a szem\u00e9lyes adatok tov\u00e1bb\u00edt\u00e1sa a b\u00edr\u00f3s\u00e1g vagy a hat\u00f3s\u00e1g fel\u00e9, \u00fagy abban az esetben a b\u00edr\u00f3s\u00e1g vagy a hat\u00f3s\u00e1g is hozz\u00e1f\u00e9rhet a szem\u00e9lyes adatokhoz.<\/li>\n\n\n\n<li>Az Adatkezel\u0151 nem hoz kiz\u00e1r\u00f3lag automatiz\u00e1lt adatkezel\u00e9sen alapul\u00f3 d\u00f6nt\u00e9st az \u00e9rintettel \u00f6sszef\u00fcgg\u00e9sben. Valamint a rendelkez\u00e9sre \u00e1ll\u00f3 szem\u00e9lyes adatok alapj\u00e1n nem alkot profilt az \u00e9rintettr\u0151l.<\/li>\n<\/ul>\n\n\n\n<h2 class=\"wp-block-heading has-medium-font-size\"><strong>6. ADATBIZTONS\u00c1G<\/strong><\/h2>\n\n\n\n<h2 class=\"wp-block-heading has-medium-font-size\">Az \u00e9rintett szem\u00e9lyes adatai megismer\u00e9s\u00e9re az Adatkezel\u0151 \u00e9s az adatfeldolgoz\u00f3k a csak \u00e9s kiz\u00e1r\u00f3lag feladatk\u00f6r\u00fckbe tartoz\u00f3 feladatok teljes\u00edt\u00e9s\u00e9hez sz\u00fcks\u00e9ges m\u00e9rt\u00e9kben jogosultak.<\/h2>\n\n\n\n<h2 class=\"wp-block-heading has-medium-font-size\">Az adatbiztons\u00e1g \u00e9rdek\u00e9ben az Adatkezel\u0151 felm\u00e9ri \u00e9s nyilv\u00e1ntartja az \u00e1ltala v\u00e9gzett valamennyi adatkezel\u00e9si tev\u00e9kenys\u00e9get.<\/h2>\n\n\n\n<h2 class=\"wp-block-heading has-medium-font-size\">Az adatkezel\u00e9si tev\u00e9kenys\u00e9gek nyilv\u00e1ntart\u00e1sa alapj\u00e1n az Adatkezel\u0151 kock\u00e1zatelemz\u00e9st v\u00e9gez annak felm\u00e9r\u00e9se \u00e9rdek\u00e9ben, hogy az egyes adatkezel\u00e9s milyen felt\u00e9telek szerint val\u00f3sul meg, illetve az adatkezel\u00e9s sor\u00e1n mely kock\u00e1zati t\u00e9nyez\u0151k milyen m\u00e9rt\u00e9k\u0171 s\u00e9relmet, milyen lehets\u00e9ges adatv\u00e9delmi incidenst okozhatnak. A kock\u00e1zatelemz\u00e9st a t\u00e9nylegesen megval\u00f3sul\u00f3 adatkezel\u00e9si tev\u00e9kenys\u00e9g alapj\u00e1n kell elv\u00e9gezni. A kock\u00e1zatelemz\u00e9s c\u00e9lja olyan biztons\u00e1gi szab\u00e1lyok, valamint int\u00e9zked\u00e9sek meghat\u00e1roz\u00e1sa, amelyek az Adatkezel\u0151 tev\u00e9kenys\u00e9g ell\u00e1t\u00e1s\u00e1hoz igazodva hat\u00e9konyan biztos\u00edtj\u00e1k a szem\u00e9lyes adatok megfelel\u0151 v\u00e9delm\u00e9t.<\/h2>\n\n\n\n<h2 class=\"wp-block-heading has-medium-font-size\">Az Adatkezel\u0151 az adatkezel\u00e9s jellege, hat\u00f3k\u00f6re, k\u00f6r\u00fclm\u00e9nyei \u00e9s c\u00e9ljai, valamint a term\u00e9szetes szem\u00e9lyek jogaira \u00e9s szabads\u00e1gaira jelentett, v\u00e1ltoz\u00f3 val\u00f3sz\u00edn\u0171s\u00e9g\u0171 \u00e9s s\u00falyoss\u00e1g\u00fa kock\u00e1zat figyelembev\u00e9tel\u00e9vel megfelel\u0151 technikai \u00e9s szervez\u00e9si int\u00e9zked\u00e9seket hajt v\u00e9gre annak biztos\u00edt\u00e1sa \u00e9s bizony\u00edt\u00e1sa c\u00e9lj\u00e1b\u00f3l, hogy a szem\u00e9lyes adatok kezel\u00e9se a GDPR-ral \u00f6sszhangban t\u00f6rt\u00e9nik.<\/h2>\n\n\n\n<h2 class=\"wp-block-heading has-medium-font-size\">Ide\u00e9rtve t\u00f6bbek k\u00f6z\u00f6tt, adott esetben:<\/h2>\n\n\n\n<ul class=\"wp-block-list has-medium-font-size\">\n<li>a szem\u00e9lyes adatok \u00e1lneves\u00edt\u00e9s\u00e9t \u00e9s titkos\u00edt\u00e1s\u00e1t;<\/li>\n\n\n\n<li>a szem\u00e9lyes adatok kezel\u00e9s\u00e9re haszn\u00e1lt rendszerek \u00e9s szolg\u00e1ltat\u00e1sok folyamatos bizalmas jelleg\u00e9nek biztos\u00edt\u00e1s\u00e1t, integrit\u00e1s\u00e1t, rendelkez\u00e9sre \u00e1ll\u00e1s\u00e1t \u00e9s ellen\u00e1ll\u00f3 k\u00e9pess\u00e9g\u00e9t;<\/li>\n\n\n\n<li>fizikai vagy m\u0171szaki incidens eset\u00e9n az arra val\u00f3 k\u00e9pess\u00e9get, hogy a szem\u00e9lyes adatokhoz val\u00f3 hozz\u00e1f\u00e9r\u00e9st \u00e9s az adatok rendelkez\u00e9sre \u00e1ll\u00e1s\u00e1t kell\u0151 id\u0151ben vissza lehet \u00e1ll\u00edtani;<\/li>\n\n\n\n<li>az adatkezel\u00e9s biztons\u00e1g\u00e1nak garant\u00e1l\u00e1s\u00e1ra hozott technikai \u00e9s szervez\u00e9si int\u00e9zked\u00e9sek hat\u00e9konys\u00e1g\u00e1nak rendszeres tesztel\u00e9s\u00e9re, felm\u00e9r\u00e9s\u00e9re \u00e9s \u00e9rt\u00e9kel\u00e9s\u00e9re szolg\u00e1l\u00f3 elj\u00e1r\u00e1st.<\/li>\n<\/ul>\n\n\n\n<h2 class=\"wp-block-heading has-medium-font-size\">A biztons\u00e1g megfelel\u0151 szintj\u00e9nek meghat\u00e1roz\u00e1sakor kifejezetten figyelembe kell venni az adatkezel\u00e9sb\u0151l ered\u0151 olyan kock\u00e1zatokat, amelyek k\u00fcl\u00f6n\u00f6sen a tov\u00e1bb\u00edtott, t\u00e1rolt vagy m\u00e1s m\u00f3don kezelt szem\u00e9lyes adatok v\u00e9letlen vagy jogellenes megsemmis\u00edt\u00e9s\u00e9b\u0151l, elveszt\u00e9s\u00e9b\u0151l, megv\u00e1ltoztat\u00e1s\u00e1b\u00f3l, jogosulatlan nyilv\u00e1noss\u00e1gra hozatal\u00e1b\u00f3l vagy az azokhoz val\u00f3 jogosulatlan hozz\u00e1f\u00e9r\u00e9sb\u0151l erednek.<\/h2>\n\n\n\n<h2 class=\"wp-block-heading has-medium-font-size\">Az Adatkezel\u0151 megfelel\u0151 technikai \u00e9s szervez\u00e9si int\u00e9zked\u00e9seket hajt v\u00e9gre annak biztos\u00edt\u00e1s\u00e1ra, hogy alap\u00e9rtelmez\u00e9s szerint kiz\u00e1r\u00f3lag olyan szem\u00e9lyes adatok kezel\u00e9s\u00e9re ker\u00fclj\u00f6n sor, amelyek az adott konkr\u00e9t adatkezel\u00e9si c\u00e9l szempontj\u00e1b\u00f3l sz\u00fcks\u00e9gesek. Ez a k\u00f6telezetts\u00e9g vonatkozik a gy\u0171jt\u00f6tt szem\u00e9lyes adatok mennyis\u00e9g\u00e9re, kezel\u00e9s\u00fck m\u00e9rt\u00e9k\u00e9re, t\u00e1rol\u00e1suk id\u0151tartam\u00e1ra \u00e9s hozz\u00e1f\u00e9rhet\u0151s\u00e9g\u00fckre. Ezek az int\u00e9zked\u00e9sek k\u00fcl\u00f6n\u00f6sen azt kell, hogy biztos\u00edts\u00e1k, hogy a szem\u00e9lyes adatok alap\u00e9rtelmez\u00e9s szerint a term\u00e9szetes szem\u00e9ly beavatkoz\u00e1sa n\u00e9lk\u00fcl ne v\u00e1lhassanak hozz\u00e1f\u00e9rhet\u0151v\u00e9 meghat\u00e1rozatlan sz\u00e1m\u00fa szem\u00e9ly sz\u00e1m\u00e1ra.<\/h2>\n\n\n\n<h2 class=\"wp-block-heading has-medium-font-size\">Szem\u00e9lyes adatokat \u00e9rt s\u00e9r\u00fcl\u00e9s vagy megsemmis\u00fcl\u00e9s eset\u00e9n a rendelkez\u00e9sre \u00e1ll\u00f3 egy\u00e9b adatforr\u00e1sokb\u00f3l meg kell k\u00eds\u00e9relni a lehets\u00e9ges m\u00e9rt\u00e9kig a k\u00e1rosodott adatok p\u00f3tl\u00e1s\u00e1t. A p\u00f3tolt adatokon a p\u00f3tl\u00e1s t\u00e9ny\u00e9t fel kell t\u00fcntetni.<\/h2>\n\n\n\n<h2 class=\"wp-block-heading has-medium-font-size\">Az Adatkezel\u0151 t\u00f6bbszint\u0171, t\u0171zfalas v\u00e9delemmel v\u00e9di a bels\u0151 h\u00e1l\u00f3zat\u00e1t. Az alkalmazott nyilv\u00e1nos h\u00e1l\u00f3zatok bel\u00e9p\u00e9si pontjain mindenhol minden esetben hardveres t\u0171zfal (hat\u00e1rv\u00e9delmi eszk\u00f6z) helyezkedik el. Az adatokat az Adatkezel\u0151 redund\u00e1nsan \u2013 azaz t\u00f6bb helyen \u2013 t\u00e1rolja, hogy v\u00e9dje azokat az informatikai eszk\u00f6z meghib\u00e1sod\u00e1s\u00e1b\u00f3l fakad\u00f3 megsemmis\u00fcl\u00e9st\u0151l, elveszt\u00e9st\u0151l, s\u00e9r\u00fcl\u00e9st\u0151l, a jogellenes megsemmis\u00edt\u00e9st\u0151l.<\/h2>\n\n\n\n<h2 class=\"wp-block-heading has-medium-font-size\">T\u00f6bbszint\u0171, akt\u00edv, komplex k\u00e1rt\u00e9kony k\u00f3dok elleni v\u00e9delemmel (pl. v\u00edrusv\u00e9delem) v\u00e9di a bels\u0151 h\u00e1l\u00f3zatait a k\u00fcls\u0151 t\u00e1mad\u00e1sokt\u00f3l.<\/h2>\n\n\n\n<h2 class=\"wp-block-heading has-medium-font-size\">Az Adatkezel\u0151 a t\u0151le elv\u00e1rhat\u00f3 legnagyobb gondoss\u00e1ggal megtesz mindent az\u00e9rt, hogy informatikai eszk\u00f6zei, szoftverei folyamatosan megfeleljenek a piaci m\u0171k\u00f6d\u00e9sben \u00e1ltal\u00e1nosan elfogadott technol\u00f3giai megold\u00e1soknak.<\/h2>\n\n\n\n<h2 class=\"wp-block-heading has-medium-font-size\"><strong>7. AZ \u00c9RINTETT JOGAI<\/strong><\/h2>\n\n\n\n<h2 class=\"wp-block-heading has-medium-font-size\">Az Adatkezel\u0151 sz\u00e1m\u00e1ra fontos, hogy adatkezel\u00e9se megfeleljen a tisztess\u00e9gess\u00e9g, a jogszer\u0171s\u00e9g \u00e9s az \u00e1tl\u00e1that\u00f3s\u00e1g k\u00f6vetelm\u00e9nyeinek. Az \u00e9rintett az adatkezel\u00e9ssel \u00f6sszef\u00fcgg\u00e9sben b\u00e1rmikor:<\/h2>\n\n\n\n<ul class=\"wp-block-list has-medium-font-size\">\n<li>t\u00e1j\u00e9koztat\u00e1st k\u00e9rhet az adatkezel\u00e9sre vonatkoz\u00f3an \u00e9s hozz\u00e1f\u00e9r\u00e9st k\u00e9rhet a r\u00e1 vonatkoz\u00f3an kezelt adatokhoz,<\/li>\n\n\n\n<li>pontatlan adatok eset\u00e9n helyesb\u00edt\u00e9st vagy a hi\u00e1nyos adatok kieg\u00e9sz\u00edt\u00e9s\u00e9t k\u00e9rheti,<\/li>\n\n\n\n<li>a hozz\u00e1j\u00e1rul\u00e1sa alapj\u00e1n kezelt adatok t\u00f6rl\u00e9s\u00e9t k\u00e9rheti,<\/li>\n\n\n\n<li>adatai kezel\u00e9se ellen tiltakozhat,<\/li>\n\n\n\n<li>k\u00e9rheti az adatkezel\u00e9s korl\u00e1toz\u00e1s\u00e1t.<\/li>\n<\/ul>\n\n\n\n<h2 class=\"wp-block-heading has-medium-font-size\">T\u00e1j\u00e9koztat\u00e1s k\u00e9r\u00e9se alapj\u00e1n \u2013 amennyiben az nem esik t\u00f6rv\u00e9nyben meghat\u00e1rozott \u00e9rdekb\u0151l korl\u00e1toz\u00e1s al\u00e1 \u2013 megismerheti, hogy szem\u00e9lyes adatainak kezel\u00e9se folyamatban van-e az Adatkezel\u0151n\u00e9l, \u00e9s jogosult arra, hogy a r\u00e1 vonatkoz\u00f3an kezelt adatok kapcs\u00e1n t\u00e1j\u00e9koztat\u00e1st kapjon arr\u00f3l, hogy<\/h2>\n\n\n\n<ul class=\"wp-block-list has-medium-font-size\">\n<li>milyen c\u00e9lb\u00f3l kezeli,<\/li>\n\n\n\n<li>mi jogos\u00edtja fel az adatok kezel\u00e9s\u00e9re (jogalapj\u00e1r\u00f3l),<\/li>\n\n\n\n<li>mikort\u00f3l \u00e9s meddig kezeli az adataikat (id\u0151tartam\u00e1r\u00f3l),<\/li>\n\n\n\n<li>milyen adatokat kezel, \u00e9s azok m\u00e1solat\u00e1t az \u00e9rintett rendelkez\u00e9s\u00e9re bocs\u00e1tja,<\/li>\n\n\n\n<li>a szem\u00e9lyes adatok c\u00edmzettjeir\u0151l, illetve a c\u00edmzettek kateg\u00f3ri\u00e1ir\u00f3l,<\/li>\n\n\n\n<li>harmadik orsz\u00e1gba vagy nemzetk\u00f6zi szervezet r\u00e9sz\u00e9re t\u00f6rt\u00e9n\u0151 tov\u00e1bb\u00edt\u00e1sr\u00f3l,<\/li>\n\n\n\n<li>amennyiben azokat nem az \u00e9rintett\u0151l gy\u0171jt\u00f6tte, akkor az adatok forr\u00e1s\u00e1r\u00f3l,<\/li>\n\n\n\n<li>az automatiz\u00e1lt d\u00f6nt\u00e9shozatal jellemz\u0151ir\u0151l, ha ilyet alkalmaz az adatkezel\u0151,<\/li>\n\n\n\n<li>az adatkezel\u00e9ssel kapcsolatos \u00e9rintetti jogair\u00f3l,<\/li>\n\n\n\n<li>jogorvoslati lehet\u0151s\u00e9geir\u0151l.<\/li>\n<\/ul>\n\n\n\n<h2 class=\"wp-block-heading has-medium-font-size\">A t\u00e1j\u00e9koztat\u00e1s ir\u00e1nti \u00e9s hozz\u00e1f\u00e9r\u00e9sre ir\u00e1nyul\u00f3 k\u00e9relmekre az Adatkezel\u0151 legk\u00e9s\u0151bb 25 napon bel\u00fcl v\u00e1laszol. Az \u00e9rintett vonatkoz\u00e1s\u00e1ban a r\u00f3la kezelt szem\u00e9lyes adatokr\u00f3l k\u00e9rt tov\u00e1bbi m\u00e1solatok\u00e9rt az Adatkezel\u0151 az adminisztrat\u00edv k\u00f6lts\u00e9geken alapul\u00f3, \u00e9szszer\u0171 m\u00e9rt\u00e9k\u0171 d\u00edjat sz\u00e1m\u00edthat fel.<\/h2>\n\n\n\n<h2 class=\"wp-block-heading has-medium-font-size\">Az adat helyesb\u00edt\u00e9s\u00e9nek (m\u00f3dos\u00edt\u00e1s\u00e1nak) k\u00e9r\u00e9se eset\u00e9n a m\u00f3dos\u00edtani k\u00e9rt adat val\u00f3s\u00e1g\u00e1t az \u00e9rintettnek al\u00e1 kell t\u00e1masztania, \u00e9s igazolnia kell azt is, hogy val\u00f3ban az arra jogosult szem\u00e9ly k\u00e9ri az adat m\u00f3dos\u00edt\u00e1s\u00e1t. Az Adatkezel\u0151 csak \u00edgy tudja meg\u00edt\u00e9lni azt, hogy az \u00faj adat val\u00f3s-e, \u00e9s ha igen, akkor m\u00f3dos\u00edthatja-e a r\u00e9git.<\/h2>\n\n\n\n<h2 class=\"wp-block-heading has-medium-font-size\">Amennyiben nem egy\u00e9rtelm\u0171, hogy a kezelt adat helyes-e vagy pontos-e, akkor az Adatkezel\u0151 az adatot nem helyesb\u00edti, csak megjel\u00f6li, azaz jelzi, hogy azt az \u00e9rintett kifog\u00e1solta, de nem biztos, hogy helytelen. Az adatkezel\u0151 a k\u00e9r\u00e9s hiteless\u00e9g\u00e9nek meger\u0151s\u00edt\u00e9s\u00e9t k\u00f6vet\u0151en, indokolatlan k\u00e9sedelem n\u00e9lk\u00fcl helyesb\u00edti a pontatlan szem\u00e9lyes adatokat, illetve kieg\u00e9sz\u00edti a k\u00e9relemmel \u00e9rintett adatokat. A helyesb\u00edt\u00e9sr\u0151l vagy megjel\u00f6l\u00e9sr\u0151l az Adatkezel\u0151 az \u00e9rintettet \u00e9rtes\u00edti.<\/h2>\n\n\n\n<h2 class=\"wp-block-heading has-medium-font-size\">Az adat t\u00f6rl\u00e9s\u00e9nek, z\u00e1rol\u00e1s\u00e1nak k\u00e9r\u00e9se eset\u00e9n az \u00e9rintett k\u00e9rheti adatainak t\u00f6rl\u00e9s\u00e9t, ami azt jelenti, hogy az Adatkezel\u0151 k\u00f6teles arra, hogy az \u00e9rintettre vonatkoz\u00f3 adatokat indokolatlan k\u00e9sedelem n\u00e9lk\u00fcl t\u00f6r\u00f6lje, ha:<\/h2>\n\n\n\n<ul class=\"wp-block-list has-medium-font-size\">\n<li>a szem\u00e9lyes adatokat jogellenesen kezelt\u00e9k,<\/li>\n\n\n\n<li>a szem\u00e9lyes adatokra m\u00e1r nincs sz\u00fcks\u00e9g abb\u00f3l a c\u00e9lb\u00f3l, ami\u00e9rt kezelt\u00e9k,<\/li>\n\n\n\n<li>az \u00e9rintett hozz\u00e1j\u00e1rul\u00e1s\u00e1n alapult az adatok kezel\u00e9se \u00e9s azt visszavonta, \u00e9s m\u00e1s jogalap az adatok tov\u00e1bbi kezel\u00e9s\u00e9t nem teszi jogszer\u0171v\u00e9,<\/li>\n\n\n\n<li>az Adatkezel\u0151 sz\u00e1m\u00e1ra az adatok t\u00f6rl\u00e9s\u00e9t el\u0151\u00edr\u00f3 jogszab\u00e1ly ilyen k\u00f6telezetts\u00e9get \u00e1llap\u00edt meg, \u00e9s annak m\u00e9g nem tett eleget.<\/li>\n<\/ul>\n\n\n\n<h2 class=\"wp-block-heading has-medium-font-size\">K\u00e9rheti az adatkezel\u00e9s korl\u00e1toz\u00e1s\u00e1t, amelynek az adatkezel\u0151 akkor tesz eleget, ha az al\u00e1bbiak valamelyike teljes\u00fcl:<\/h2>\n\n\n\n<ul class=\"wp-block-list has-medium-font-size\">\n<li>az \u00e9rintett vitatja a szem\u00e9lyes adatok pontoss\u00e1g\u00e1t, ez esetben a korl\u00e1toz\u00e1s arra az id\u0151tartamra vonatkozik, amely lehet\u0151v\u00e9 teszi, hogy az adatkezel\u0151 ellen\u0151rizze a szem\u00e9lyes adatok pontoss\u00e1g\u00e1t,<\/li>\n\n\n\n<li>az adatkezel\u00e9s jogellenes, \u00e9s az \u00e9rintett ellenzi az adatok t\u00f6rl\u00e9s\u00e9t, \u00e9s ehelyett k\u00e9ri azok felhaszn\u00e1l\u00e1s\u00e1nak korl\u00e1toz\u00e1s\u00e1t,<\/li>\n\n\n\n<li>az adatkezel\u0151nek m\u00e1r nincs sz\u00fcks\u00e9ge a szem\u00e9lyes adatokra adatkezel\u00e9s c\u00e9lj\u00e1b\u00f3l, de az \u00e9rintett ig\u00e9nyli azokat jogi ig\u00e9nyek el\u0151terjeszt\u00e9s\u00e9hez, \u00e9rv\u00e9nyes\u00edt\u00e9s\u00e9hez vagy v\u00e9delm\u00e9hez; vagyis a r\u00e1 vonatkoz\u00f3 adatkezel\u00e9s ellen.<\/li>\n<\/ul>\n\n\n\n<h2 class=\"wp-block-heading has-medium-font-size\">Ha az adat korl\u00e1toz\u00e1s al\u00e1 esik, az ilyen szem\u00e9lyes adatokat a t\u00e1rol\u00e1s kiv\u00e9tel\u00e9vel csak az \u00e9rintett hozz\u00e1j\u00e1rul\u00e1s\u00e1val, vagy jogi ig\u00e9nyek el\u0151terjeszt\u00e9s\u00e9hez, \u00e9rv\u00e9nyes\u00edt\u00e9s\u00e9hez vagy v\u00e9delm\u00e9hez, vagy m\u00e1s term\u00e9szetes vagy jogi szem\u00e9ly jogainak v\u00e9delme \u00e9rdek\u00e9ben, vagy az Uni\u00f3, illetve valamely tag\u00e1llam fontos k\u00f6z\u00e9rdek\u00e9b\u0151l lehet kezelni. Az Adatkezel\u0151 az adatkezel\u00e9s korl\u00e1toz\u00e1s\u00e1nak felold\u00e1s\u00e1r\u00f3l el\u0151zetesen t\u00e1j\u00e9koztatja az \u00e9rintettet.<\/h2>\n\n\n\n<h2 class=\"wp-block-heading has-medium-font-size\">Amennyiben az \u00e9rintett \u00fagy \u00edt\u00e9li meg, hogy az adatkezel\u00e9s a GDPR vagy az Infotv. rendelkez\u00e9seibe \u00fctk\u00f6zik, illetve s\u00e9relmesnek v\u00e9li azt, ahogy az Adatkezel\u0151 a szem\u00e9lyes adatait kezeli, akkor javasoljuk, hogy el\u0151sz\u00f6r az Adatkezel\u0151t keresse meg panasz\u00e1val. A panasza minden esetben kivizsg\u00e1l\u00e1sra ker\u00fcl.<\/h2>\n\n\n\n<h2 class=\"wp-block-heading has-medium-font-size\">Ha a panasza ellen\u00e9re tov\u00e1bbra is s\u00e9relmezi azt, ahogy az Adatkezel\u0151 kezeli az adatait, vagy k\u00f6zvetlen\u00fcl hat\u00f3s\u00e1ghoz szeretne fordulni, akkor bejelent\u00e9ssel \u00e9lhet a Nemzeti Adatv\u00e9delmi \u00e9s Inform\u00e1ci\u00f3szabads\u00e1g Hat\u00f3s\u00e1gn\u00e1l (c\u00edm: 1055 Budapest, Falk Miksa utca 9-11., postac\u00edm: 1374 Budapest, Pf.: 603. E-mail: ugyfelszolgalat@naih.hu, honlap: www.naih.hu).<\/h2>\n\n\n\n<h2 class=\"wp-block-heading has-medium-font-size\">Lehet\u0151s\u00e9ge van adatainak v\u00e9delme \u00e9rdek\u00e9ben b\u00edr\u00f3s\u00e1ghoz fordulni, amely az \u00fcgyben soron k\u00edv\u00fcl j\u00e1r el. Ebben az esetben szabadon eld\u00f6ntheti, hogy a lak\u00f3helye (\u00e1lland\u00f3 lakc\u00edm) vagy a tart\u00f3zkod\u00e1si helye (ideiglenes lakc\u00edm) szerinti t\u00f6rv\u00e9nysz\u00e9kn\u00e9l (http:\/\/birosag.hu\/torvenyszekek) ny\u00fajtja-e be kereset\u00e9t.<\/h2>\n\n\n\n<h2 class=\"wp-block-heading has-medium-font-size\">A lak\u00f3helye vagy tart\u00f3zkod\u00e1si helye szerinti t\u00f6rv\u00e9nysz\u00e9ket megkeresheti a http:\/\/birosag.hu\/ugyfelkapcsolati-portal\/birosag-kereso oldalon.<\/h2>\n\n\n\n<h2 class=\"wp-block-heading has-medium-font-size\"><strong>8. ADATFELDOLGOZ\u00d3K<\/strong><\/h2>\n\n\n\n<h2 class=\"wp-block-heading has-medium-font-size\"><strong>Az adatfeldolgoz\u00f3 megnevez\u00e9se:<\/strong> Rackhost Zrt.<br><strong>A levelez\u00e9si c\u00edme:<\/strong> 6722 Szeged, Tisza Lajos k\u00f6r\u00fat 41.<br><strong>Az e-mail c\u00edme: <\/strong>info@rackhost.hu<br><strong>A telefonsz\u00e1ma:<\/strong> +36 1 445 1200<br><strong>A c\u00e9gjegyz\u00e9ksz\u00e1ma:<\/strong> 06-10-000489<br><strong>Az ad\u00f3sz\u00e1ma:<\/strong> 25333572-2-06<br><strong>Az adatkezel\u00e9si nyilv\u00e1ntart\u00e1si sz\u00e1ma:<\/strong> NAIH-73746\/2014<br><strong>Ell\u00e1tott tev\u00e9kenys\u00e9g:<\/strong> T\u00e1rhelyszolg\u00e1ltat\u00e1s<\/h2>\n<\/div>\n","protected":false},"excerpt":{"rendered":"<p>Adatkezel\u00e9si t\u00e1j\u00e9koztat\u00f3 Strausz Henrietta D\u00f3ra egy\u00e9ni v\u00e1llalkoz\u00f3 (a tov\u00e1bbiakban: Adatkezel\u0151) kiemelten fontosnak tartja partnerei, \u00fcgyfelei inform\u00e1ci\u00f3s \u00f6nrendelkez\u00e9si jog\u00e1nak tiszteletben tart\u00e1s\u00e1t. Az Adatkezel\u0151 a szem\u00e9lyes adatokat bizalmasan, a hat\u00e1lyos Eur\u00f3pai Uni\u00f3s, \u00e9s hazai jogszab\u00e1lyoknak, valamint a relev\u00e1ns adatv\u00e9delmi (hat\u00f3s\u00e1gi) gyakorlatnak megfelel\u0151en kezeli, \u00e9s megtesz minden olyan biztons\u00e1gi \u00e9s szervez\u00e9si int\u00e9zked\u00e9st, amely az adatok biztons\u00e1g\u00e1t, bizalmass\u00e1g\u00e1t, s\u00e9rtetlens\u00e9g\u00e9t [&hellip;]<\/p>\n","protected":false},"author":1,"featured_media":0,"parent":0,"menu_order":0,"comment_status":"closed","ping_status":"closed","template":"","meta":{"footnotes":""},"class_list":["post-202","page","type-page","status-publish","hentry"],"jetpack_sharing_enabled":true,"_links":{"self":[{"href":"https:\/\/angolulhenivel.hu\/index.php?rest_route=\/wp\/v2\/pages\/202","targetHints":{"allow":["GET"]}}],"collection":[{"href":"https:\/\/angolulhenivel.hu\/index.php?rest_route=\/wp\/v2\/pages"}],"about":[{"href":"https:\/\/angolulhenivel.hu\/index.php?rest_route=\/wp\/v2\/types\/page"}],"author":[{"embeddable":true,"href":"https:\/\/angolulhenivel.hu\/index.php?rest_route=\/wp\/v2\/users\/1"}],"replies":[{"embeddable":true,"href":"https:\/\/angolulhenivel.hu\/index.php?rest_route=%2Fwp%2Fv2%2Fcomments&post=202"}],"version-history":[{"count":6,"href":"https:\/\/angolulhenivel.hu\/index.php?rest_route=\/wp\/v2\/pages\/202\/revisions"}],"predecessor-version":[{"id":226,"href":"https:\/\/angolulhenivel.hu\/index.php?rest_route=\/wp\/v2\/pages\/202\/revisions\/226"}],"wp:attachment":[{"href":"https:\/\/angolulhenivel.hu\/index.php?rest_route=%2Fwp%2Fv2%2Fmedia&parent=202"}],"curies":[{"name":"wp","href":"https:\/\/api.w.org\/{rel}","templated":true}]}}